{"id":3978,"date":"2022-05-05T08:48:50","date_gmt":"2022-05-05T06:48:50","guid":{"rendered":"https:\/\/www.fitt.com\/?page_id=3978"},"modified":"2025-01-28T16:37:32","modified_gmt":"2025-01-28T15:37:32","slug":"informativa-sul-trattamento-dei-dati-personali-clienti-e-fornitori-reg-ue-2016-679","status":"publish","type":"page","link":"https:\/\/www.fitt.com\/it\/privacy-policy\/informativa-sul-trattamento-dei-dati-personali-clienti-e-fornitori-reg-ue-2016-679\/","title":{"rendered":"Informativa sul trattamento dei dati personali clienti e fornitori Reg. UE 2016\/679"},"content":{"rendered":"<h1 style=\"text-align: center;\">Informativa sul trattamento dei dati personali clienti e fornitori Reg. UE 2016\/679<\/h1>\n<p>&nbsp;<\/p>\n<p>In relazione ai trattamento dei dati personali forniti si informa che:<\/p>\n<p><strong>1. Titolare del Trattamento<\/strong><\/p>\n<p>Il Titolare del Trattamento \u00e8 la societ\u00e0 <strong>Fitt Spa Societ\u00e0 Unipersonale<\/strong>, con sede legale in Sandrigo (VI), Via Piave n. 8 \u2013 36066, <strong>tel<\/strong> +39 0444461000, <strong>e mail<\/strong> info@fitt.com, <strong>pec<\/strong> fittspa@pec.confindustriavicenza.it (di seguito per brevit\u00e0 &#8220;la Societ\u00e0&#8221;).<\/p>\n<p><strong>2. Tipologia di dati trattati, Finalit\u00e0 e base giuridica del Trattamento<\/strong><\/p>\n<p>Sono raccolti e trattati i seguenti dati personali: dati personali di natura comune (ragione sociale, nome e cognome, anagrafica, ruolo all&#8217;interno della societ\u00e0, indirizzo, partita iva, codice fiscale, dati bancari, informazioni creditizie e di affidabilit\u00e0 economica, anagrafica e dati di contatto: mail, telefono, cellulare), riferiti a: societ\u00e0\/enti clienti e fornitori e referenti-dipendenti-collaboratori-subcontraenti dei clienti\/fornitori, eventualmente comunicati dai medesimi, per: <strong>a)<\/strong> finalit\u00e0 precontrattuali e di esecuzione del rapporto contrattuale, comprese eventuali comunicazioni relative al rapporto in essere; <strong>b)<\/strong> obblighi amministrativo-contabili-fiscali e di legge connessi alla fatturazione ed alla gestione del rapporto contrattuale; <strong>c) salvo opposizione<\/strong>, attivit\u00e0 di marketing attraverso l&#8217;invio tramite email di comunicazioni commerciali \u2013 promozionali \u2013 pubblicitarie relative a prodotti o servizi analoghi a quelli acquistati od oggetto del rapporto contrattuale occorso (soft spam); <strong>d)<\/strong> previo consenso, per attivit\u00e0 di marketing attraverso l&#8217;invio di comunicazioni commerciali \u2013 promozionali pubblicitarie in generale e per la partecipazione ad eventi, fiere ed altri eventi simili.<\/p>\n<p>Base giuridica del trattamento dei dati: adempimento di obblighi contrattuali per le finalit\u00e0 di cui alla lettera <strong>a)<\/strong>; obblighi di legge, per le finalit\u00e0 di cui alla lettera <strong>b)<\/strong>; legittimo interesse del Titolare e art. 130 co. 4 &#8220;Codice Privacy&#8221; (D.lgs 196\/2003) per le finalit\u00e0 di cui alla lettera <strong>c)<\/strong>; consenso per le finalit\u00e0 di cui alla lettera <strong>d)<\/strong>.<\/p>\n<p><strong>3. Comunicazione dei dati a terzi \u2013 Destinatari dei dati<\/strong><\/p>\n<p>La Societ\u00e0 potr\u00e0 comunicare i dati trattati per le finalit\u00e0 di cui sopra a : soggetti interni aziendali incaricati del trattamento; soggetti esterni appartenenti alle seguenti categorie: consulenti esterni, societ\u00e0 di servizi (societ\u00e0 di trasporto, spedizione, di servizi marketing e informatici), rete vendita della societ\u00e0 (agenti), istituti bancari, enti e organismi di controllo.<\/p>\n<p><strong>4. Trasferimento dei dati a Paesi Terzi<\/strong><\/p>\n<p>I dati trattati non vengono trasferiti dal Titolare verso Paesi terzi. Tuttavia, in caso di eventuale trasferimento di dati verso Paesi Terzi il trasferimento stesso avverr\u00e0 nel rispetto della normativa di volta in volta vigente in tema di trasferimento di dati verso Paesi Terzi.<\/p>\n<p><strong>5. Modalit\u00e0 di trattamento, periodo e criteri di conservazione dei dati<\/strong><\/p>\n<p>I dati verranno trattati in formato cartaceo e digitale. I dati saranno trattati dal Titolare: per il periodo necessario all&#8217;esecuzione della\/e finalit\u00e0 suindicate ed in particolare; per le finalit\u00e0 di cui alla lettera <strong>a)<\/strong> e <strong>b)<\/strong> per l&#8217;ulteriore periodo prescrizionale di legge relativo alla conservazione di contratti e dati amministrativi e\/o per la difesa in giudizio (dieci anni dall&#8217;ultimo utilizzo e\/o evento interruttivo della prescrizione); i dati di contatto (indirizzo email) utilizzati per le finalit\u00e0 di cui al punto 2, lettera <strong>c)<\/strong> e <strong>d)<\/strong> fino all&#8217;eventuale opposizione al trattamento o richiesta di disiscrizione dal servizio e comunque non oltre 24 mesi dall&#8217;ultimo acquisto o manifestazione di consenso o di interesse.<\/p>\n<p><strong>6. Profilazione e processi decisionali automatizzati<\/strong><\/p>\n<p>Il trattamento non viene effettuato mediante processi decisionali automatizzati (es. profilazione).<\/p>\n<p><strong>7. Conferimento dei dati<\/strong><\/p>\n<p>Il conferimento dei dati \u00e8 obbligatorio per l&#8217;esecuzione del rapporto contrattuale (2.a.) e finalit\u00e0 di legge (2.b.) mentre \u00e8 facoltativo per le finalit\u00e0 di marketing (2.c. e 2.d.), potendo l&#8217;interessato opporsi al trattamento come di seguito indicato. Il mancato conferimento dei dati comporta l&#8217;impossibilit\u00e0 di perseguire le finalit\u00e0 suindicate.<\/p>\n<p><strong>8. Diritti dell\u2019interessato, Revoca del Consenso e Reclamo all\u2019Autorit\u00e0 di controllo<\/strong><\/p>\n<p>L&#8217;interessato ha il diritto in qualunque momento di richiedere l&#8217;accesso ai propri dati personali, la rettifica, la cancellazione, la limitazione degli stessi, di opporsi al trattamento, di revocare il consenso prestato e di esercitare il diritto alla portabilit\u00e0 dei dati, nei casi in cui ci\u00f2 \u00e8 applicabile, contattando il Titolare come indicato in calce.<\/p>\n<p>In caso di presunta violazione l&#8217;interessato, ricorrendone i presupposti, ha inoltre il diritto di proporre reclamo ad una Autorit\u00e0 di controllo sul trattamento dei dati posta nello stato membro UE dove egli risiede abitualmente o nello stato UE in cui lavora o in cui \u00e8 avvenuta la presenta violazione.<\/p>\n<p><strong>9. Contatti e richieste<\/strong><\/p>\n<p>Per opporsi al trattamento o esercitare diritti previsti dalla normativa vigente in materia di protezione dei dati personali e\/o per conoscere l&#8217;elenco completo dei soggetti esterni del trattamento e\/o per avere informazioni in ordine al trasferimento di dati verso Paesi extra UE e relative garanzie potr\u00e0 inviare una richiesta al contatto email <strong>privacy@fitt.com<\/strong> oppure contattare il numero <strong>+39 0444461099<\/strong>.<\/p>\n<p>&nbsp;<\/p>\n<p><em>Informativa aggiornata il 26\/11\/2024<\/em><\/p>\n","protected":false},"excerpt":{"rendered":"<p>Informativa sul trattamento dei dati personali clienti e fornitori Reg. UE 2016\/679 &nbsp; In relazione ai trattamento dei dati personali forniti si informa che: 1. Titolare del Trattamento Il Titolare del Trattamento \u00e8 la societ\u00e0 Fitt Spa Societ\u00e0 Unipersonale, con sede legale in Sandrigo (VI), Via Piave n. 8 \u2013 36066, tel +39 0444461000, e [&hellip;]<\/p>\n","protected":false},"author":1,"featured_media":0,"parent":2597,"menu_order":0,"comment_status":"closed","ping_status":"closed","template":"","meta":{"_acf_changed":false,"footnotes":""},"class_list":["post-3978","page","type-page","status-publish","hentry"],"acf":[],"yoast_head":"<!-- This site is optimized with the Yoast SEO Premium plugin v24.1 (Yoast SEO v27.3) - https:\/\/yoast.com\/product\/yoast-seo-premium-wordpress\/ -->\n<title>Informativa sul trattamento dei dati personali clienti e fornitori Reg. UE 2016\/679 - FITT<\/title>\n<meta name=\"robots\" content=\"noindex, nofollow\" \/>\n<meta property=\"og:locale\" content=\"it_IT\" \/>\n<meta property=\"og:type\" content=\"article\" \/>\n<meta property=\"og:title\" content=\"Informativa sul trattamento dei dati personali clienti e fornitori Reg. UE 2016\/679\" \/>\n<meta property=\"og:description\" content=\"Informativa sul trattamento dei dati personali clienti e fornitori Reg. UE 2016\/679 &nbsp; In relazione ai trattamento dei dati personali forniti si informa che: 1. Titolare del Trattamento Il Titolare del Trattamento \u00e8 la societ\u00e0 Fitt Spa Societ\u00e0 Unipersonale, con sede legale in Sandrigo (VI), Via Piave n. 8 \u2013 36066, tel +39 0444461000, e [&hellip;]\" \/>\n<meta property=\"og:url\" content=\"https:\/\/www.fitt.com\/it\/privacy-policy\/informativa-sul-trattamento-dei-dati-personali-clienti-e-fornitori-reg-ue-2016-679\/\" \/>\n<meta property=\"og:site_name\" content=\"FITT\" \/>\n<meta property=\"article:modified_time\" content=\"2025-01-28T15:37:32+00:00\" \/>\n<meta name=\"twitter:card\" content=\"summary_large_image\" \/>\n<meta name=\"twitter:label1\" content=\"Tempo di lettura stimato\" \/>\n\t<meta name=\"twitter:data1\" content=\"4 minuti\" \/>\n<script type=\"application\/ld+json\" class=\"yoast-schema-graph\">{\"@context\":\"https:\\\/\\\/schema.org\",\"@graph\":[{\"@type\":\"WebPage\",\"@id\":\"https:\\\/\\\/www.fitt.com\\\/it\\\/privacy-policy\\\/informativa-sul-trattamento-dei-dati-personali-clienti-e-fornitori-reg-ue-2016-679\\\/\",\"url\":\"https:\\\/\\\/www.fitt.com\\\/it\\\/privacy-policy\\\/informativa-sul-trattamento-dei-dati-personali-clienti-e-fornitori-reg-ue-2016-679\\\/\",\"name\":\"Informativa sul trattamento dei dati personali clienti e fornitori Reg. UE 2016\\\/679 - FITT\",\"isPartOf\":{\"@id\":\"https:\\\/\\\/www.fitt.com\\\/it\\\/#website\"},\"datePublished\":\"2022-05-05T06:48:50+00:00\",\"dateModified\":\"2025-01-28T15:37:32+00:00\",\"breadcrumb\":{\"@id\":\"https:\\\/\\\/www.fitt.com\\\/it\\\/privacy-policy\\\/informativa-sul-trattamento-dei-dati-personali-clienti-e-fornitori-reg-ue-2016-679\\\/#breadcrumb\"},\"inLanguage\":\"it-IT\",\"potentialAction\":[{\"@type\":\"ReadAction\",\"target\":[\"https:\\\/\\\/www.fitt.com\\\/it\\\/privacy-policy\\\/informativa-sul-trattamento-dei-dati-personali-clienti-e-fornitori-reg-ue-2016-679\\\/\"]}]},{\"@type\":\"BreadcrumbList\",\"@id\":\"https:\\\/\\\/www.fitt.com\\\/it\\\/privacy-policy\\\/informativa-sul-trattamento-dei-dati-personali-clienti-e-fornitori-reg-ue-2016-679\\\/#breadcrumb\",\"itemListElement\":[{\"@type\":\"ListItem\",\"position\":1,\"name\":\"Home\",\"item\":\"https:\\\/\\\/www.fitt.com\\\/it\\\/\"},{\"@type\":\"ListItem\",\"position\":2,\"name\":\"Privacy Policy\",\"item\":\"https:\\\/\\\/www.fitt.com\\\/it\\\/privacy-policy\\\/\"},{\"@type\":\"ListItem\",\"position\":3,\"name\":\"Informativa sul trattamento dei dati personali clienti e fornitori Reg. UE 2016\\\/679\"}]},{\"@type\":\"WebSite\",\"@id\":\"https:\\\/\\\/www.fitt.com\\\/it\\\/#website\",\"url\":\"https:\\\/\\\/www.fitt.com\\\/it\\\/\",\"name\":\"FITT\",\"description\":\"FITT Spa\",\"publisher\":{\"@id\":\"https:\\\/\\\/www.fitt.com\\\/it\\\/#organization\"},\"potentialAction\":[{\"@type\":\"SearchAction\",\"target\":{\"@type\":\"EntryPoint\",\"urlTemplate\":\"https:\\\/\\\/www.fitt.com\\\/it\\\/?s={search_term_string}\"},\"query-input\":{\"@type\":\"PropertyValueSpecification\",\"valueRequired\":true,\"valueName\":\"search_term_string\"}}],\"inLanguage\":\"it-IT\"},{\"@type\":\"Organization\",\"@id\":\"https:\\\/\\\/www.fitt.com\\\/it\\\/#organization\",\"name\":\"Fitt SPA\",\"url\":\"https:\\\/\\\/www.fitt.com\\\/it\\\/\",\"logo\":{\"@type\":\"ImageObject\",\"inLanguage\":\"it-IT\",\"@id\":\"https:\\\/\\\/www.fitt.com\\\/it\\\/#\\\/schema\\\/logo\\\/image\\\/\",\"url\":\"https:\\\/\\\/www.fitt.com\\\/wp-content\\\/uploads\\\/2022\\\/05\\\/logo-light.png\",\"contentUrl\":\"https:\\\/\\\/www.fitt.com\\\/wp-content\\\/uploads\\\/2022\\\/05\\\/logo-light.png\",\"width\":827,\"height\":508,\"caption\":\"Fitt SPA\"},\"image\":{\"@id\":\"https:\\\/\\\/www.fitt.com\\\/it\\\/#\\\/schema\\\/logo\\\/image\\\/\"}}]}<\/script>\n<!-- \/ Yoast SEO Premium plugin. -->","yoast_head_json":{"title":"Informativa sul trattamento dei dati personali clienti e fornitori Reg. UE 2016\/679 - FITT","robots":{"index":"noindex","follow":"nofollow"},"og_locale":"it_IT","og_type":"article","og_title":"Informativa sul trattamento dei dati personali clienti e fornitori Reg. UE 2016\/679","og_description":"Informativa sul trattamento dei dati personali clienti e fornitori Reg. UE 2016\/679 &nbsp; In relazione ai trattamento dei dati personali forniti si informa che: 1. Titolare del Trattamento Il Titolare del Trattamento \u00e8 la societ\u00e0 Fitt Spa Societ\u00e0 Unipersonale, con sede legale in Sandrigo (VI), Via Piave n. 8 \u2013 36066, tel +39 0444461000, e [&hellip;]","og_url":"https:\/\/www.fitt.com\/it\/privacy-policy\/informativa-sul-trattamento-dei-dati-personali-clienti-e-fornitori-reg-ue-2016-679\/","og_site_name":"FITT","article_modified_time":"2025-01-28T15:37:32+00:00","twitter_card":"summary_large_image","twitter_misc":{"Tempo di lettura stimato":"4 minuti"},"schema":{"@context":"https:\/\/schema.org","@graph":[{"@type":"WebPage","@id":"https:\/\/www.fitt.com\/it\/privacy-policy\/informativa-sul-trattamento-dei-dati-personali-clienti-e-fornitori-reg-ue-2016-679\/","url":"https:\/\/www.fitt.com\/it\/privacy-policy\/informativa-sul-trattamento-dei-dati-personali-clienti-e-fornitori-reg-ue-2016-679\/","name":"Informativa sul trattamento dei dati personali clienti e fornitori Reg. UE 2016\/679 - FITT","isPartOf":{"@id":"https:\/\/www.fitt.com\/it\/#website"},"datePublished":"2022-05-05T06:48:50+00:00","dateModified":"2025-01-28T15:37:32+00:00","breadcrumb":{"@id":"https:\/\/www.fitt.com\/it\/privacy-policy\/informativa-sul-trattamento-dei-dati-personali-clienti-e-fornitori-reg-ue-2016-679\/#breadcrumb"},"inLanguage":"it-IT","potentialAction":[{"@type":"ReadAction","target":["https:\/\/www.fitt.com\/it\/privacy-policy\/informativa-sul-trattamento-dei-dati-personali-clienti-e-fornitori-reg-ue-2016-679\/"]}]},{"@type":"BreadcrumbList","@id":"https:\/\/www.fitt.com\/it\/privacy-policy\/informativa-sul-trattamento-dei-dati-personali-clienti-e-fornitori-reg-ue-2016-679\/#breadcrumb","itemListElement":[{"@type":"ListItem","position":1,"name":"Home","item":"https:\/\/www.fitt.com\/it\/"},{"@type":"ListItem","position":2,"name":"Privacy Policy","item":"https:\/\/www.fitt.com\/it\/privacy-policy\/"},{"@type":"ListItem","position":3,"name":"Informativa sul trattamento dei dati personali clienti e fornitori Reg. UE 2016\/679"}]},{"@type":"WebSite","@id":"https:\/\/www.fitt.com\/it\/#website","url":"https:\/\/www.fitt.com\/it\/","name":"FITT","description":"FITT Spa","publisher":{"@id":"https:\/\/www.fitt.com\/it\/#organization"},"potentialAction":[{"@type":"SearchAction","target":{"@type":"EntryPoint","urlTemplate":"https:\/\/www.fitt.com\/it\/?s={search_term_string}"},"query-input":{"@type":"PropertyValueSpecification","valueRequired":true,"valueName":"search_term_string"}}],"inLanguage":"it-IT"},{"@type":"Organization","@id":"https:\/\/www.fitt.com\/it\/#organization","name":"Fitt SPA","url":"https:\/\/www.fitt.com\/it\/","logo":{"@type":"ImageObject","inLanguage":"it-IT","@id":"https:\/\/www.fitt.com\/it\/#\/schema\/logo\/image\/","url":"https:\/\/www.fitt.com\/wp-content\/uploads\/2022\/05\/logo-light.png","contentUrl":"https:\/\/www.fitt.com\/wp-content\/uploads\/2022\/05\/logo-light.png","width":827,"height":508,"caption":"Fitt SPA"},"image":{"@id":"https:\/\/www.fitt.com\/it\/#\/schema\/logo\/image\/"}}]}},"_links":{"self":[{"href":"https:\/\/www.fitt.com\/it\/wp-json\/wp\/v2\/pages\/3978","targetHints":{"allow":["GET"]}}],"collection":[{"href":"https:\/\/www.fitt.com\/it\/wp-json\/wp\/v2\/pages"}],"about":[{"href":"https:\/\/www.fitt.com\/it\/wp-json\/wp\/v2\/types\/page"}],"author":[{"embeddable":true,"href":"https:\/\/www.fitt.com\/it\/wp-json\/wp\/v2\/users\/1"}],"replies":[{"embeddable":true,"href":"https:\/\/www.fitt.com\/it\/wp-json\/wp\/v2\/comments?post=3978"}],"version-history":[{"count":4,"href":"https:\/\/www.fitt.com\/it\/wp-json\/wp\/v2\/pages\/3978\/revisions"}],"predecessor-version":[{"id":21125,"href":"https:\/\/www.fitt.com\/it\/wp-json\/wp\/v2\/pages\/3978\/revisions\/21125"}],"up":[{"embeddable":true,"href":"https:\/\/www.fitt.com\/it\/wp-json\/wp\/v2\/pages\/2597"}],"wp:attachment":[{"href":"https:\/\/www.fitt.com\/it\/wp-json\/wp\/v2\/media?parent=3978"}],"curies":[{"name":"wp","href":"https:\/\/api.w.org\/{rel}","templated":true}]}}