{"id":3976,"date":"2022-05-05T08:47:29","date_gmt":"2022-05-05T06:47:29","guid":{"rendered":"https:\/\/www.fitt.com\/?page_id=3976"},"modified":"2025-06-17T15:20:44","modified_gmt":"2025-06-17T13:20:44","slug":"informativa-sul-trattamento-dei-dati-sezione-contatti-del-sito-come-da-reg-ue-2016-679","status":"publish","type":"page","link":"https:\/\/www.fitt.com\/it\/privacy-policy\/informativa-sul-trattamento-dei-dati-sezione-contatti-del-sito-come-da-reg-ue-2016-679\/","title":{"rendered":"Informativa sul trattamento dei dati sezione \u201ccontatti\u201d del sito come da Reg UE 2016\/679"},"content":{"rendered":"<h1>INFORMATIVA PRIVACY CONTATTO come da Reg UE 2016\/679<\/h1>\n<p>&nbsp;<\/p>\n<p>In relazione al trattamento dei dati personali forniti si informa che:<\/p>\n<p><strong>1. Titolare del Trattamento<\/strong><\/p>\n<p>Il Titolare del Trattamento \u00e8 la societ\u00e0 <strong>Fitt Spa<\/strong>, con sede legale in Sandrigo (VI) Via Piave n. 8 \u2013 36066, tel +39 0444461000, pec fittspa@pec.confindustriavicenza.it (di seguito per brevit\u00e0 \u201cla Societ\u00e0\u201d).<\/p>\n<p><strong>2. Tipologia di dati trattati, Finalit\u00e0 e base giuridica del Trattamento<\/strong><\/p>\n<p>Il Titolare tratter\u00e0 i Suoi dati personali per le seguenti finalit\u00e0:<\/p>\n<p>&#8211; Gestione delle richieste pervenute attraverso il form \u201cContatti\u201d presente sul sito o su altre piattaforme ovvero sulle pagine social della Societ\u00e0;<br \/>\n&#8211; Gestione delle richieste pervenute attraverso l\u2019invio volontario di messaggi agli indirizzi istituzionali della Societ\u00e0 (inclusi messaggi inviati da utenti a profili\/pagine sui social media).<\/p>\n<p>L\u2019invio volontario di richieste, anche attraverso la compilazione di form di contatto, comporta l\u2019acquisizione dei dati di contatto del mittente necessari per rispondere, nonch\u00e9 di tutti i dati personali inseriti nelle comunicazioni o nei form necessari per adempiere alla richiesta e rispondere alla stessa.<\/p>\n<p>Base giuridica del trattamento dei dati: adempimento di obblighi precontrattuali e contrattuali.<\/p>\n<p><strong>3. Comunicazione dei dati a terzi &#8211; Destinatari dei dati<\/strong><\/p>\n<p>La Societ\u00e0 potr\u00e0 comunicare i dati trattati per le finalit\u00e0 di cui sopra ai soggetti interni ed esterni che collaborano per eseguire la sua richiesta.<\/p>\n<p><strong>4. Trasferimento dei dati a Paesi Terzi<\/strong><\/p>\n<p>I dati trattati non vengono trasferiti dal Titolare verso Paesi terzi. Tuttavia, in caso di eventuale trasferimento di dati verso Paesi Terzi il trasferimento stesso avverr\u00e0 nel rispetto della normativa di volta in volta vigente in tema di trasferimento di dati verso Paesi Terzi.<\/p>\n<p><strong>5. Modalit\u00e0 di trattamento, periodo e criteri di conservazione dei dati<\/strong><\/p>\n<p>I dati verranno trattati in formato digitale e con strumenti elettronici per la sola evasione della richiesta e, in ogni caso non oltre 90 giorni. Con riferimento alla specifica attivit\u00e0 di gestione del reclamo o della richiesta di reso, potr\u00e0 accadere che la Societ\u00e0 debba conservare alcuni dati personali per un periodo pi\u00f9 lungo per adempiere ad obblighi normativi e per perseguire le finalit\u00e0 amministrative derivanti da questi obblighi. In questo caso la Societ\u00e0 conserver\u00e0 queste informazioni per 10 anni dalla richiesta o dalla segnalazione\/dalla chiusura del reclamo o dalla gestione del reso. Trascorso tale termine e fatto salvo il caso in cui sia necessario mantenere tali dati per accertare, esercitare o difendere un diritto della Societ\u00e0 in sede giudiziaria, la Societ\u00e0 canceller\u00e0 i dati personali dell\u2019interessato o provveder\u00e0 a renderli anonimi.<\/p>\n<p><strong>6. Profilazione e processi decisionali automatizzati<\/strong><\/p>\n<p>Il trattamento non viene effettuato mediante processi decisionali automatizzati (es. profilazione).<\/p>\n<p><strong>7. Conferimento dei dati<\/strong><\/p>\n<p>Il conferimento dei dati con asterisco \u00e8 obbligatorio per l\u2019esecuzione del rapporto contrattuale e finalit\u00e0 di legge. Il mancato conferimento dei dati comporta l\u2019impossibilit\u00e0 di perseguire le finalit\u00e0 suindicate.<\/p>\n<p><strong>8. Diritti dell\u2019interessato, Revoca del Consenso e Reclamo all\u2019Autorit\u00e0 di controllo<\/strong><\/p>\n<p>L\u2019interessato ha il diritto in qualunque momento di richiedere l\u2019accesso ai propri dati personali, la rettifica, la cancellazione, la limitazione degli stessi, di opporsi al trattamento, di revocare il consenso prestato e di esercitare il diritto alla portabilit\u00e0 dei dati, nei casi in cui ci\u00f2 \u00e8 applicabile, contattando il Titolare come indicato in calce.<\/p>\n<p>In caso di presunta violazione l\u2019interessato, ricorrendone i presupposti, ha inoltre il diritto di proporre reclamo ad una Autorit\u00e0 di controllo sul trattamento dei dati posta nello stato membro UE dove egli risiede abitualmente o nello stato UE in cui lavora o in cui \u00e8 avvenuta la presenta violazione.<\/p>\n<p><strong>9. Contatti e richieste<\/strong><\/p>\n<p>Per opporsi al trattamento o esercitare diritti previsti dalla normativa vigente in materia di protezione dei dati personali e\/o per conoscere l&#8217;elenco completo dei soggetti esterni del trattamento e\/o per avere informazioni in ordine al trasferimento di dati verso Paesi extra UE e relative garanzie potr\u00e0 inviare una richiesta al contatto email privacy@fitt.com, fax +39 0444461000<\/p>\n","protected":false},"excerpt":{"rendered":"<p>INFORMATIVA PRIVACY CONTATTO come da Reg UE 2016\/679 &nbsp; In relazione al trattamento dei dati personali forniti si informa che: 1. Titolare del Trattamento Il Titolare del Trattamento \u00e8 la societ\u00e0 Fitt Spa, con sede legale in Sandrigo (VI) Via Piave n. 8 \u2013 36066, tel +39 0444461000, pec fittspa@pec.confindustriavicenza.it (di seguito per brevit\u00e0 \u201cla [&hellip;]<\/p>\n","protected":false},"author":1,"featured_media":0,"parent":2597,"menu_order":0,"comment_status":"closed","ping_status":"closed","template":"","meta":{"_acf_changed":false,"footnotes":""},"class_list":["post-3976","page","type-page","status-publish","hentry"],"acf":[],"yoast_head":"<!-- This site is optimized with the Yoast SEO Premium plugin v24.1 (Yoast SEO v27.3) - https:\/\/yoast.com\/product\/yoast-seo-premium-wordpress\/ -->\n<title>Informativa sul trattamento dei dati sezione \u201ccontatti\u201d del sito come da Reg UE 2016\/679 - FITT<\/title>\n<meta name=\"robots\" content=\"noindex, nofollow\" \/>\n<meta property=\"og:locale\" content=\"it_IT\" \/>\n<meta property=\"og:type\" content=\"article\" \/>\n<meta property=\"og:title\" content=\"Informativa sul trattamento dei dati sezione \u201ccontatti\u201d del sito come da Reg UE 2016\/679\" \/>\n<meta property=\"og:description\" content=\"INFORMATIVA PRIVACY CONTATTO come da Reg UE 2016\/679 &nbsp; In relazione al trattamento dei dati personali forniti si informa che: 1. Titolare del Trattamento Il Titolare del Trattamento \u00e8 la societ\u00e0 Fitt Spa, con sede legale in Sandrigo (VI) Via Piave n. 8 \u2013 36066, tel +39 0444461000, pec fittspa@pec.confindustriavicenza.it (di seguito per brevit\u00e0 \u201cla [&hellip;]\" \/>\n<meta property=\"og:url\" content=\"https:\/\/www.fitt.com\/it\/privacy-policy\/informativa-sul-trattamento-dei-dati-sezione-contatti-del-sito-come-da-reg-ue-2016-679\/\" \/>\n<meta property=\"og:site_name\" content=\"FITT\" \/>\n<meta property=\"article:modified_time\" content=\"2025-06-17T13:20:44+00:00\" \/>\n<meta name=\"twitter:card\" content=\"summary_large_image\" \/>\n<meta name=\"twitter:label1\" content=\"Tempo di lettura stimato\" \/>\n\t<meta name=\"twitter:data1\" content=\"3 minuti\" \/>\n<script type=\"application\/ld+json\" class=\"yoast-schema-graph\">{\"@context\":\"https:\\\/\\\/schema.org\",\"@graph\":[{\"@type\":\"WebPage\",\"@id\":\"https:\\\/\\\/www.fitt.com\\\/it\\\/privacy-policy\\\/informativa-sul-trattamento-dei-dati-sezione-contatti-del-sito-come-da-reg-ue-2016-679\\\/\",\"url\":\"https:\\\/\\\/www.fitt.com\\\/it\\\/privacy-policy\\\/informativa-sul-trattamento-dei-dati-sezione-contatti-del-sito-come-da-reg-ue-2016-679\\\/\",\"name\":\"Informativa sul trattamento dei dati sezione \u201ccontatti\u201d del sito come da Reg UE 2016\\\/679 - FITT\",\"isPartOf\":{\"@id\":\"https:\\\/\\\/www.fitt.com\\\/it\\\/#website\"},\"datePublished\":\"2022-05-05T06:47:29+00:00\",\"dateModified\":\"2025-06-17T13:20:44+00:00\",\"breadcrumb\":{\"@id\":\"https:\\\/\\\/www.fitt.com\\\/it\\\/privacy-policy\\\/informativa-sul-trattamento-dei-dati-sezione-contatti-del-sito-come-da-reg-ue-2016-679\\\/#breadcrumb\"},\"inLanguage\":\"it-IT\",\"potentialAction\":[{\"@type\":\"ReadAction\",\"target\":[\"https:\\\/\\\/www.fitt.com\\\/it\\\/privacy-policy\\\/informativa-sul-trattamento-dei-dati-sezione-contatti-del-sito-come-da-reg-ue-2016-679\\\/\"]}]},{\"@type\":\"BreadcrumbList\",\"@id\":\"https:\\\/\\\/www.fitt.com\\\/it\\\/privacy-policy\\\/informativa-sul-trattamento-dei-dati-sezione-contatti-del-sito-come-da-reg-ue-2016-679\\\/#breadcrumb\",\"itemListElement\":[{\"@type\":\"ListItem\",\"position\":1,\"name\":\"Home\",\"item\":\"https:\\\/\\\/www.fitt.com\\\/it\\\/\"},{\"@type\":\"ListItem\",\"position\":2,\"name\":\"Privacy Policy\",\"item\":\"https:\\\/\\\/www.fitt.com\\\/it\\\/privacy-policy\\\/\"},{\"@type\":\"ListItem\",\"position\":3,\"name\":\"Informativa sul trattamento dei dati sezione \u201ccontatti\u201d del sito come da Reg UE 2016\\\/679\"}]},{\"@type\":\"WebSite\",\"@id\":\"https:\\\/\\\/www.fitt.com\\\/it\\\/#website\",\"url\":\"https:\\\/\\\/www.fitt.com\\\/it\\\/\",\"name\":\"FITT\",\"description\":\"FITT Spa\",\"publisher\":{\"@id\":\"https:\\\/\\\/www.fitt.com\\\/it\\\/#organization\"},\"potentialAction\":[{\"@type\":\"SearchAction\",\"target\":{\"@type\":\"EntryPoint\",\"urlTemplate\":\"https:\\\/\\\/www.fitt.com\\\/it\\\/?s={search_term_string}\"},\"query-input\":{\"@type\":\"PropertyValueSpecification\",\"valueRequired\":true,\"valueName\":\"search_term_string\"}}],\"inLanguage\":\"it-IT\"},{\"@type\":\"Organization\",\"@id\":\"https:\\\/\\\/www.fitt.com\\\/it\\\/#organization\",\"name\":\"Fitt SPA\",\"url\":\"https:\\\/\\\/www.fitt.com\\\/it\\\/\",\"logo\":{\"@type\":\"ImageObject\",\"inLanguage\":\"it-IT\",\"@id\":\"https:\\\/\\\/www.fitt.com\\\/it\\\/#\\\/schema\\\/logo\\\/image\\\/\",\"url\":\"https:\\\/\\\/www.fitt.com\\\/wp-content\\\/uploads\\\/2022\\\/05\\\/logo-light.png\",\"contentUrl\":\"https:\\\/\\\/www.fitt.com\\\/wp-content\\\/uploads\\\/2022\\\/05\\\/logo-light.png\",\"width\":827,\"height\":508,\"caption\":\"Fitt SPA\"},\"image\":{\"@id\":\"https:\\\/\\\/www.fitt.com\\\/it\\\/#\\\/schema\\\/logo\\\/image\\\/\"}}]}<\/script>\n<!-- \/ Yoast SEO Premium plugin. -->","yoast_head_json":{"title":"Informativa sul trattamento dei dati sezione \u201ccontatti\u201d del sito come da Reg UE 2016\/679 - FITT","robots":{"index":"noindex","follow":"nofollow"},"og_locale":"it_IT","og_type":"article","og_title":"Informativa sul trattamento dei dati sezione \u201ccontatti\u201d del sito come da Reg UE 2016\/679","og_description":"INFORMATIVA PRIVACY CONTATTO come da Reg UE 2016\/679 &nbsp; In relazione al trattamento dei dati personali forniti si informa che: 1. Titolare del Trattamento Il Titolare del Trattamento \u00e8 la societ\u00e0 Fitt Spa, con sede legale in Sandrigo (VI) Via Piave n. 8 \u2013 36066, tel +39 0444461000, pec fittspa@pec.confindustriavicenza.it (di seguito per brevit\u00e0 \u201cla [&hellip;]","og_url":"https:\/\/www.fitt.com\/it\/privacy-policy\/informativa-sul-trattamento-dei-dati-sezione-contatti-del-sito-come-da-reg-ue-2016-679\/","og_site_name":"FITT","article_modified_time":"2025-06-17T13:20:44+00:00","twitter_card":"summary_large_image","twitter_misc":{"Tempo di lettura stimato":"3 minuti"},"schema":{"@context":"https:\/\/schema.org","@graph":[{"@type":"WebPage","@id":"https:\/\/www.fitt.com\/it\/privacy-policy\/informativa-sul-trattamento-dei-dati-sezione-contatti-del-sito-come-da-reg-ue-2016-679\/","url":"https:\/\/www.fitt.com\/it\/privacy-policy\/informativa-sul-trattamento-dei-dati-sezione-contatti-del-sito-come-da-reg-ue-2016-679\/","name":"Informativa sul trattamento dei dati sezione \u201ccontatti\u201d del sito come da Reg UE 2016\/679 - FITT","isPartOf":{"@id":"https:\/\/www.fitt.com\/it\/#website"},"datePublished":"2022-05-05T06:47:29+00:00","dateModified":"2025-06-17T13:20:44+00:00","breadcrumb":{"@id":"https:\/\/www.fitt.com\/it\/privacy-policy\/informativa-sul-trattamento-dei-dati-sezione-contatti-del-sito-come-da-reg-ue-2016-679\/#breadcrumb"},"inLanguage":"it-IT","potentialAction":[{"@type":"ReadAction","target":["https:\/\/www.fitt.com\/it\/privacy-policy\/informativa-sul-trattamento-dei-dati-sezione-contatti-del-sito-come-da-reg-ue-2016-679\/"]}]},{"@type":"BreadcrumbList","@id":"https:\/\/www.fitt.com\/it\/privacy-policy\/informativa-sul-trattamento-dei-dati-sezione-contatti-del-sito-come-da-reg-ue-2016-679\/#breadcrumb","itemListElement":[{"@type":"ListItem","position":1,"name":"Home","item":"https:\/\/www.fitt.com\/it\/"},{"@type":"ListItem","position":2,"name":"Privacy Policy","item":"https:\/\/www.fitt.com\/it\/privacy-policy\/"},{"@type":"ListItem","position":3,"name":"Informativa sul trattamento dei dati sezione \u201ccontatti\u201d del sito come da Reg UE 2016\/679"}]},{"@type":"WebSite","@id":"https:\/\/www.fitt.com\/it\/#website","url":"https:\/\/www.fitt.com\/it\/","name":"FITT","description":"FITT Spa","publisher":{"@id":"https:\/\/www.fitt.com\/it\/#organization"},"potentialAction":[{"@type":"SearchAction","target":{"@type":"EntryPoint","urlTemplate":"https:\/\/www.fitt.com\/it\/?s={search_term_string}"},"query-input":{"@type":"PropertyValueSpecification","valueRequired":true,"valueName":"search_term_string"}}],"inLanguage":"it-IT"},{"@type":"Organization","@id":"https:\/\/www.fitt.com\/it\/#organization","name":"Fitt SPA","url":"https:\/\/www.fitt.com\/it\/","logo":{"@type":"ImageObject","inLanguage":"it-IT","@id":"https:\/\/www.fitt.com\/it\/#\/schema\/logo\/image\/","url":"https:\/\/www.fitt.com\/wp-content\/uploads\/2022\/05\/logo-light.png","contentUrl":"https:\/\/www.fitt.com\/wp-content\/uploads\/2022\/05\/logo-light.png","width":827,"height":508,"caption":"Fitt SPA"},"image":{"@id":"https:\/\/www.fitt.com\/it\/#\/schema\/logo\/image\/"}}]}},"_links":{"self":[{"href":"https:\/\/www.fitt.com\/it\/wp-json\/wp\/v2\/pages\/3976","targetHints":{"allow":["GET"]}}],"collection":[{"href":"https:\/\/www.fitt.com\/it\/wp-json\/wp\/v2\/pages"}],"about":[{"href":"https:\/\/www.fitt.com\/it\/wp-json\/wp\/v2\/types\/page"}],"author":[{"embeddable":true,"href":"https:\/\/www.fitt.com\/it\/wp-json\/wp\/v2\/users\/1"}],"replies":[{"embeddable":true,"href":"https:\/\/www.fitt.com\/it\/wp-json\/wp\/v2\/comments?post=3976"}],"version-history":[{"count":3,"href":"https:\/\/www.fitt.com\/it\/wp-json\/wp\/v2\/pages\/3976\/revisions"}],"predecessor-version":[{"id":21929,"href":"https:\/\/www.fitt.com\/it\/wp-json\/wp\/v2\/pages\/3976\/revisions\/21929"}],"up":[{"embeddable":true,"href":"https:\/\/www.fitt.com\/it\/wp-json\/wp\/v2\/pages\/2597"}],"wp:attachment":[{"href":"https:\/\/www.fitt.com\/it\/wp-json\/wp\/v2\/media?parent=3976"}],"curies":[{"name":"wp","href":"https:\/\/api.w.org\/{rel}","templated":true}]}}