{"version":"1.0","provider_name":"FITT","provider_url":"https:\/\/www.fitt.com\/it\/","author_name":"system","author_url":"https:\/\/www.fitt.com\/it\/news\/author\/system\/","title":"FITT tra \u201cI VOLTI DELLA SOSTENIBILIT\u00c0\u201d al salone della CSR e dell\u2019Innovazione Sociale","type":"rich","width":600,"height":338,"html":"<blockquote class=\"wp-embedded-content\" data-secret=\"om0BBn3xRw\"><a href=\"https:\/\/www.fitt.com\/it\/news\/fitt-tra-i-volti\/\">FITT tra \u201cI VOLTI DELLA SOSTENIBILIT\u00c0\u201d al salone della CSR e dell\u2019Innovazione Sociale<\/a><\/blockquote><iframe sandbox=\"allow-scripts\" security=\"restricted\" src=\"https:\/\/www.fitt.com\/it\/news\/fitt-tra-i-volti\/embed\/#?secret=om0BBn3xRw\" width=\"600\" height=\"338\" title=\"&#8220;FITT tra \u201cI VOLTI DELLA SOSTENIBILIT\u00c0\u201d al salone della CSR e dell\u2019Innovazione Sociale&#8221; &#8212; FITT\" data-secret=\"om0BBn3xRw\" frameborder=\"0\" marginwidth=\"0\" marginheight=\"0\" scrolling=\"no\" class=\"wp-embedded-content\"><\/iframe><script type=\"text\/javascript\">\n\/* <![CDATA[ *\/\n\/*! This file is auto-generated *\/\n!function(d,l){\"use strict\";l.querySelector&&d.addEventListener&&\"undefined\"!=typeof URL&&(d.wp=d.wp||{},d.wp.receiveEmbedMessage||(d.wp.receiveEmbedMessage=function(e){var t=e.data;if((t||t.secret||t.message||t.value)&&!\/[^a-zA-Z0-9]\/.test(t.secret)){for(var s,r,n,a=l.querySelectorAll('iframe[data-secret=\"'+t.secret+'\"]'),o=l.querySelectorAll('blockquote[data-secret=\"'+t.secret+'\"]'),c=new RegExp(\"^https?:$\",\"i\"),i=0;i<o.length;i++)o[i].style.display=\"none\";for(i=0;i<a.length;i++)s=a[i],e.source===s.contentWindow&&(s.removeAttribute(\"style\"),\"height\"===t.message?(1e3<(r=parseInt(t.value,10))?r=1e3:~~r<200&&(r=200),s.height=r):\"link\"===t.message&&(r=new URL(s.getAttribute(\"src\")),n=new URL(t.value),c.test(n.protocol))&&n.host===r.host&&l.activeElement===s&&(d.top.location.href=t.value))}},d.addEventListener(\"message\",d.wp.receiveEmbedMessage,!1),l.addEventListener(\"DOMContentLoaded\",function(){for(var e,t,s=l.querySelectorAll(\"iframe.wp-embedded-content\"),r=0;r<s.length;r++)(t=(e=s[r]).getAttribute(\"data-secret\"))||(t=Math.random().toString(36).substring(2,12),e.src+=\"#?secret=\"+t,e.setAttribute(\"data-secret\",t)),e.contentWindow.postMessage({message:\"ready\",secret:t},\"*\")},!1)))}(window,document);\n\/\/# sourceURL=https:\/\/www.fitt.com\/wp-includes\/js\/wp-embed.min.js\n\/* ]]> *\/\n<\/script>\n","thumbnail_url":"https:\/\/www.fitt.com\/wp-content\/uploads\/2020\/05\/FITT-tra-I-volti-della-sostenibilita-al-Salone-della-CSR-e-dellinnovazione-sociale.jpg","thumbnail_width":1600,"thumbnail_height":650,"description":"Giunto alla sua ottava edizione,\u00a0Il Salone della CSR e dell\u2019innovazione sociale\u00a0\u00e8 dal 2013 il pi\u00f9 importante evento italiano dedicato alla sostenibilit\u00e0. L\u2019evento nazionale che si terr\u00e0 il prossimo autunno all\u2019Universit\u00e0 Bocconi \u00e8\u00a0preceduto da\u00a0Il Giro d\u2019Italia della CSR: una serie di incontri in 14 citt\u00e0 differenti, che hanno l\u2019obiettivo di\u00a0promuovere un approccio sostenibile al business, valorizzare [&hellip;]"}